{"version":"1.0","provider_name":"patentblog","provider_url":"https:\/\/patentblog.cafeblog.hu","author_name":"patentblog","author_url":"https:\/\/patentblog.cafeblog.hu\/author\/patentblog\/","title":"Napf\u00e9ny, v\u00e1l\u00e1s, rem\u00e9nyek","html":"<p style=\"text-align: justify\">Mit tesz egy rettent\u0151en csal\u00f3dott, megcsalt \u00e9s megal\u00e1zott fiatal anyuka? Megmondom \u00e9n: rengeteg h\u00fclyes\u00e9get. L\u00e1zad, tombol, fr\u00f6cs\u00f6g, forrong \u00e9s folyamatosan kih\u00edvja maga ellen a sorsot.<\/p>\r\n<p style=\"text-align: justify\">Amikor F\u00e9rj 1-et elhagytam, hazak\u00f6lt\u00f6ztem a sz\u00fcleimhez. Egyr\u00e9szt mert hirtelen nem volt jobb \u00f6tletem, m\u00e1sr\u00e9szt el\u00e9g nagy a sz\u00fcl\u0151i h\u00e1z, hogy elf\u00e9rj\u00fcnk benne mindannyian, harmadr\u00e9szt mert azonnal menni akartam. Min\u00e9l messzebbre, de gyorsan. T\u00f6rt\u00e9nt azt\u00e1n, hogy egy tavaszi vas\u00e1rnapon m\u00e1ris Szentesen tal\u00e1ltam magam. A m\u00falt egy ut\u00e1nfut\u00f3n d\u00f6c\u00f6g\u00f6tt m\u00f6g\u00f6tt\u00fcnk. F\u00e1jt az eg\u00e9sz \u00e9letem, minden l\u00e9legzetv\u00e9tel m\u00e9reg volt, mert d\u00fch \u00e9s csal\u00f3dotts\u00e1g m\u00e9telyezte.<\/p>\r\n<p style=\"text-align: justify\">Azt\u00e1n sz\u00e9pen lassan belesimultam \u00faj \u00e9letembe, magamnak munk\u00e1t kerestem, Vand\u00e1nak b\u00f6lcsit. Szerencs\u00e9re gyorsan rendez\u0151dtek a dolgok. Ment minden a maga \u00fatj\u00e1n, j\u00f6tt egy \u00faj kapcsolat is, vele egy\u00fctt pedig az \u00e9jszakai bulik, sat\u00f6bbi. Nem vagyok b\u00fcszke az akkori kb. f\u00e9l \u00e9vre, de megt\u00f6rt\u00e9nt. Vad \u00e9s el\u00e9g intenz\u00edv \u00e9letet \u00e9ltem. Nappal dolgoztam, d\u00e9lut\u00e1n gyereket neveltem, \u00e9jszak\u00e1nk\u00e9nt buliztam. Magas h\u0151fokon \u00e9ltem, kiss\u00e9 rombol\u00f3 \u00fczemm\u00f3dban. Alig ettem, s\u00falyprobl\u00e9m\u00e1im nem voltak, kb. 55 kil\u00f3 voltam. \u00a0Egy \u00e1lland\u00f3an l\u00fcktet\u0151, k\u00e9t l\u00e1bon j\u00e1r\u00f3 Anya-l\u00e9ny voltam. Ez a korszak is r\u00e9sze volt az \u00e9letemnek \u00e9s szerencs\u00e9re nem r\u00e1ntott v\u00e9gleg a m\u00e9lybe.<\/p>\r\n<p style=\"text-align: justify\">Az\u00e9rt voltak j\u00f3 pillanatok is abban a f\u00e9l \u00e9vben, de \u00edgy visszatekintve - \u00a0alapvet\u0151en katasztr\u00f3fa volt. Vanda hi\u00e1nyolta az apj\u00e1t \u00e9s kezdett k\u00e9telkedni az \"elutazott\" mes\u00e9ben. Persze mindig sokat volt \u00faton az apja, de azt hiszem r\u00e1j\u00f6tt, hogy itt valami nem stimmel. Nem tudtam mit mondani neki. Egy 2 \u00e9ves cs\u00f6pp gyermeknek fogalma sincs (h\u00e1l'Istennek) az \u00e9let nagy \u00e9s szomor\u00fa dolgair\u00f3l. B\u00e1r nagyon j\u00f3 volt szeret\u0151 sz\u00fcleim k\u00f6zel\u00e9ben lenni, m\u00e9gis \u00fagy \u00e9reztem, megfulladok \u00e9s egy helyben toporgok. Az m\u00e9gsem j\u00e1rja, hogy feln\u0151tt n\u0151k\u00e9nt \u00e9s anyak\u00e9nt a sz\u00fcleimmel \u00e9ljek. \u00a0De a nagy d\u00f6nt\u00e9sr\u0151l k\u00e9s\u0151bb. El\u0151tte m\u00e9g nagyon-nagyon sok dolog t\u00f6rt\u00e9nt. Szerencs\u00e9re nemcsak rossz, j\u00f3 is, m\u00e9gpedig egy utaz\u00e1s.<\/p>\r\n<p style=\"text-align: justify\">A munk\u00e1m jutalom\u00fatja eg\u00e9sz Tun\u00e9zi\u00e1ig rep\u00edtett. Bej\u00e1rtuk a f\u0151v\u00e1ros, Tunisz csod\u00e1s-izgalmas helyeit; a mediterr\u00e1n tengerpart v\u00e1rosait, j\u00e1rtunk Hammamet-ben, Sousse-ban, aludtunk egy k\u00fcl\u00f6nleges sivatagi sz\u00e1llod\u00e1ban. Gy\u00f6ny\u00f6r\u0171 id\u0151 volt, j\u00f3 volt a csapat, j\u00f3kat ett\u00fcnk... na, itt \u00e1lljunk meg egy sz\u00f3ra. Ettetek m\u00e1r kuszkuszt? \u00c9n Tun\u00e9zi\u00e1ban ettem el\u0151sz\u00f6r \u00e9s utolj\u00e1ra. A sivatagi t\u00fara alkalm\u00e1val meg\u00e1lltunk egy el\u00e9g k\u00e9tes kin\u00e9zet\u0171, \u00e9tteremnek nevezett valamin\u00e9l, ami a val\u00f3ban a semmi k\u00f6zep\u00e9n \u00e1llt. Eb\u00e9dre v\u00e1rt\u00e1k a csapatot. Kuszkusszal \u00e9s m\u00e1s helyi finoms\u00e1gokkal k\u00e9nyeztettek minket. J\u00f3\u00edz\u0171en megeb\u00e9delt\u00fcnk, \u00e9s t\u00e9nyleg annyira \u00edzletes volt minden, hogy egy csap\u00e1sra levedlett\u00fck a helyr\u0151l alkotott kor\u00e1bbi, el\u0151\u00edt\u00e9letes v\u00e9lem\u00e9ny\u00fcnket. Est\u00e9re\u00a0is klassz program \u00edg\u00e9rkezett. Egy szuper sivatagi sz\u00e1llod\u00e1ban v\u00e1rtak minket, vacsi \u00e9s buli volt a terv. \u00c9n azonban est\u00e9re kelve csak az \u00e1gyat nyomtam, semmi \u00a0kedvem - \u00e9s er\u0151m - nem volt a t\u00f6bbiekhez csatlakozni. Rettent\u0151 fejf\u00e1j\u00e1s \u00e9s h\u00e1nyinger gy\u00f6t\u00f6rt, gyenge voltam \u00e9s forgott velem a vil\u00e1g. A kuszkusz - gondoltam. Hozz\u00e1teszem az\u00f3ta sem b\u00edrom megenni. De nem az volt.<\/p>\r\n<p style=\"text-align: justify\">A gondtalan \u00e9s vid\u00e1m napok egyszerre r\u00e9m\u00e1lomm\u00e1 v\u00e1ltak. Az utaz\u00e1s t\u00f6bbi napja m\u00e1r csak ny\u0171g volt, folyamatosan rosszul \u00e9reztem magam. Alig v\u00e1rtam a haza\u00e9rkez\u00e9st. A fejem f\u00f6l\u00f6tt gy\u00fclekez\u0151 s\u00f6t\u00e9t felh\u0151ket csak tet\u00e9zte, hogy k\u00f6zeledett a v\u00e1l\u00f3peres t\u00e1rgyal\u00e1s napja. Szeptember k\u00f6zepe volt, \u00e9s a \"nagy nap\" okt\u00f3ber elej\u00e9re volt kit\u0171zve.<\/p>\r\n<p style=\"text-align: justify\">A t\u00e1rgyal\u00e1s nem volt egy kellemes \u00e9lm\u00e9ny. Igyekszel nem t\u00fal l\u00e1tv\u00e1nyosan kiteregetni az \u00e9leted, mik\u00f6zben abszurd az eg\u00e9sz helyzet, \u00e9s ott \u00fcl veled szemben az, akit egykoron szerett\u00e9l, akivel egy\u00fctt \u00e9lt\u00e9l. Nem volt civakod\u00e1s, Vand\u00e1t n\u00e1lam helyezt\u00e9k el.\u00a0Rideg \u00e9s szem\u00e9lytelen ruh\u00e1t \u00f6lt\u00f6tt a m\u00falt.<\/p>\r\n<p style=\"text-align: justify\">A v\u00e1l\u00e1s ut\u00e1n 2 nappal egy \u00fajabb \"nagy nap\" k\u00f6vetkezett. \u00cdgy kellett lennie, nem tudtam v\u00e1llalni, nem volt hova, kivel, mi\u00e9rt. Nem f\u00e1jt, nem \u00e9rintett meg, nem volt k\u00f6t\u0151d\u00e9s. Egyszer\u0171en csak v\u00e9ge volt. Senki nem tudott r\u00f3la, nyilv\u00e1n az egyetlen \u00e9rintetten k\u00edv\u00fcl \u00e9s mai napig sem tudnak r\u00f3la sokan. Tal\u00e1n 1-2 ember. Nem mondtam el senkinek, elmondom h\u00e1t mindenkinek.<\/p>\r\n<p style=\"text-align: justify\">Nyomaszt\u00f3 \u0151sz volt, de legal\u00e1bb form\u00e1lisan lez\u00e1rtam dolgokat. Hamarosan a fentebb eml\u00edtett nagy d\u00f6nt\u00e9st is meghoztam. Visszak\u00f6lt\u00f6ztem a nagyv\u00e1rosba, k\u00f6zelebb Vanda apj\u00e1hoz\u00a0- csakis Vanda miatt -\u00a0\u00e9s elhat\u00e1roztam, hogy \u00faj \u00e9letet kezdek. H\u00e1tam m\u00f6g\u00f6tt hagyva minden addig horrort, nagy rem\u00e9nyekkel \u00e9s tervekkel l\u00e9ptem \u00e1t az ezredfordul\u00f3 k\u00fcsz\u00f6b\u00e9n.<\/p>\r\n<p style=\"text-align: justify\">\u00daj, k\u00f6z\u00f6s \u00e9let\u00fcnk Vand\u00e1val sok \u00f6r\u00f6met, nevet\u00e9st, de egyben sok k\u00fczdelmet, n\u00e9lk\u00fcl\u00f6z\u00e9st, f\u00e1z\u00e1st, k\u00f6nnyet \u00e9s k\u00f6lt\u00f6z\u00e9st hozott. De v\u00e9gtelen\u00fcl b\u00fcszke voltam r\u00e1, mert nagyon j\u00f3 l\u00e1ny volt, j\u00f3l vette az akad\u00e1lyokat. \u00c9s b\u00fcszke voltam magamra, mert amikor ezek t\u00f6rt\u00e9ntek, m\u00e9g mindig nem voltam 25.<\/p>\r\n<p style=\"text-align: justify\">Sokan hisznek kem\u00e9nynek, megk\u00f6zel\u00edthetetlennek. Sok megr\u00e1zk\u00f3dtat\u00e1st, kih\u00edv\u00e1st kellett t\u00fal\u00e9lnem, ami egy kicsit val\u00f3ban megkem\u00e9ny\u00edtett. \u00c1m nem volt m\u00e1s v\u00e1laszt\u00e1som, ha t\u00fal akartam \u00e9lni...<\/p>\r\n<p style=\"text-align: justify\">A harc k\u00f6zben szerzett (lelki) sebes\u00fcl\u00e9seimet a mai napig magamon viselem...<\/p>\r\n<p style=\"text-align: justify\">Folyt. k\u00f6v.<\/p>\r\n<p style=\"text-align: justify\"><img class=\"aligncenter wp-image-266 size-medium\" src=\"https:\/\/patentblog.cafeblog.hu\/files\/2014\/09\/love_hope_faith_stones_web1-300x216.jpg\" alt=\"love_hope_faith_stones_web1\" width=\"300\" height=\"216\" \/><\/p>\r\n<p style=\"text-align: center\">(A k\u00e9p forr\u00e1sa: lifemeyou.worldpress.com)<\/p>\r\n<p style=\"text-align: justify\"><em><strong>Neked is van egy t\u00f6rt\u00e9neted? \u00cdrd meg nekem \u00e9s k\u00f6zz\u00e9tessz\u00fck. \u00c9rdekel a v\u00e9lem\u00e9nyed!<\/strong><\/em><\/p>","type":"rich","thumbnail_url":"https:\/\/patentblog.cafeblog.hu\/files\/2014\/09\/love_hope_faith_stones_web1-150x150.jpg","thumbnail_width":150,"thumbnail_height":150}